{"id":2278,"date":"2024-06-17T16:57:12","date_gmt":"2024-06-17T14:57:12","guid":{"rendered":"https:\/\/running.renewable-energies-world-race.com\/the-organization\/"},"modified":"2024-12-03T13:46:42","modified_gmt":"2024-12-03T12:46:42","slug":"the-organization","status":"publish","type":"page","link":"https:\/\/running.renewable-energies-world-race.com\/en\/the-organization\/","title":{"rendered":"The organization"},"content":{"rendered":"\t\t<div data-elementor-type=\"wp-page\" data-elementor-id=\"2278\" class=\"elementor elementor-2278 elementor-73\" data-elementor-post-type=\"page\">\n\t\t\t\t<div class=\"elementor-element elementor-element-9186949 e-flex e-con-boxed e-con e-parent\" data-id=\"9186949\" data-element_type=\"container\" data-settings=\"{&quot;background_background&quot;:&quot;classic&quot;}\">\n\t\t\t\t\t<div class=\"e-con-inner\">\n\t\t<div class=\"elementor-element elementor-element-6f371d6 e-con-full e-flex e-con e-child\" data-id=\"6f371d6\" data-element_type=\"container\" data-settings=\"{&quot;background_background&quot;:&quot;classic&quot;}\">\n\t\t<div class=\"elementor-element elementor-element-ef9d082 e-con-full e-flex e-con e-child\" data-id=\"ef9d082\" data-element_type=\"container\" data-settings=\"{&quot;background_background&quot;:&quot;classic&quot;}\">\n\t\t\t\t<div class=\"elementor-element elementor-element-940b7a2 elementor-widget-tablet__width-initial elementor-widget elementor-widget-heading\" data-id=\"940b7a2\" data-element_type=\"widget\" data-widget_type=\"heading.default\">\n\t\t\t\t<div class=\"elementor-widget-container\">\n\t\t\t<style>\/*! elementor - v3.22.0 - 26-06-2024 *\/\n.elementor-heading-title{padding:0;margin:0;line-height:1}.elementor-widget-heading .elementor-heading-title[class*=elementor-size-]>a{color:inherit;font-size:inherit;line-height:inherit}.elementor-widget-heading .elementor-heading-title.elementor-size-small{font-size:15px}.elementor-widget-heading .elementor-heading-title.elementor-size-medium{font-size:19px}.elementor-widget-heading .elementor-heading-title.elementor-size-large{font-size:29px}.elementor-widget-heading .elementor-heading-title.elementor-size-xl{font-size:39px}.elementor-widget-heading .elementor-heading-title.elementor-size-xxl{font-size:59px}<\/style><h2 class=\"elementor-heading-title elementor-size-default\">The organization<\/h2>\t\t<\/div>\n\t\t\t\t<\/div>\n\t\t\t\t<\/div>\n\t\t\t\t<\/div>\n\t\t\t\t\t<\/div>\n\t\t\t\t<\/div>\n\t\t<div class=\"elementor-element elementor-element-8bc2486 e-flex e-con-boxed e-con e-parent\" data-id=\"8bc2486\" data-element_type=\"container\">\n\t\t\t\t\t<div class=\"e-con-inner\">\n\t\t<div class=\"elementor-element elementor-element-6781841 e-con-full e-flex e-con e-child\" data-id=\"6781841\" data-element_type=\"container\">\n\t\t\t\t<div class=\"elementor-element elementor-element-edf4ec0 elementor-widget elementor-widget-image\" data-id=\"edf4ec0\" data-element_type=\"widget\" data-widget_type=\"image.default\">\n\t\t\t\t<div class=\"elementor-widget-container\">\n\t\t\t<style>\/*! elementor - v3.22.0 - 26-06-2024 *\/\n.elementor-widget-image{text-align:center}.elementor-widget-image a{display:inline-block}.elementor-widget-image a img[src$=\".svg\"]{width:48px}.elementor-widget-image img{vertical-align:middle;display:inline-block}<\/style>\t\t\t\t\t\t\t\t\t\t<img fetchpriority=\"high\" decoding=\"async\" width=\"2048\" height=\"402\" src=\"https:\/\/running.renewable-energies-world-race.com\/wp-content\/uploads\/2024\/11\/Logo-Collectif-Com-1-2-2048x402.png\" class=\"attachment-2048x2048 size-2048x2048 wp-image-3348\" alt=\"\" srcset=\"https:\/\/running.renewable-energies-world-race.com\/wp-content\/uploads\/2024\/11\/Logo-Collectif-Com-1-2-2048x402.png 2048w, https:\/\/running.renewable-energies-world-race.com\/wp-content\/uploads\/2024\/11\/Logo-Collectif-Com-1-2-300x59.png 300w, https:\/\/running.renewable-energies-world-race.com\/wp-content\/uploads\/2024\/11\/Logo-Collectif-Com-1-2-1024x201.png 1024w, https:\/\/running.renewable-energies-world-race.com\/wp-content\/uploads\/2024\/11\/Logo-Collectif-Com-1-2-768x151.png 768w, https:\/\/running.renewable-energies-world-race.com\/wp-content\/uploads\/2024\/11\/Logo-Collectif-Com-1-2-1536x302.png 1536w\" sizes=\"(max-width: 2048px) 100vw, 2048px\" \/>\t\t\t\t\t\t\t\t\t\t\t\t\t<\/div>\n\t\t\t\t<\/div>\n\t\t\t\t<\/div>\n\t\t\t\t<div class=\"elementor-element elementor-element-593ecfa elementor-widget__width-inherit elementor-widget elementor-widget-text-editor\" data-id=\"593ecfa\" data-element_type=\"widget\" data-widget_type=\"text-editor.default\">\n\t\t\t\t<div class=\"elementor-widget-container\">\n\t\t\t<style>\/*! elementor - v3.22.0 - 26-06-2024 *\/\n.elementor-widget-text-editor.elementor-drop-cap-view-stacked .elementor-drop-cap{background-color:#69727d;color:#fff}.elementor-widget-text-editor.elementor-drop-cap-view-framed .elementor-drop-cap{color:#69727d;border:3px solid;background-color:transparent}.elementor-widget-text-editor:not(.elementor-drop-cap-view-default) .elementor-drop-cap{margin-top:8px}.elementor-widget-text-editor:not(.elementor-drop-cap-view-default) .elementor-drop-cap-letter{width:1em;height:1em}.elementor-widget-text-editor .elementor-drop-cap{float:left;text-align:center;line-height:1;font-size:50px}.elementor-widget-text-editor .elementor-drop-cap-letter{display:inline-block}<\/style>\t\t\t\t<p><strong>Collectif Com<\/strong>, well known to our friends who take part in the Mondiaux Cyclisme des \u00e9nergies vertes, will be in charge of the weekend of October 3 and 4, 2025.<br \/>The team, made up of <strong>St\u00e9phane Mione<\/strong>, <strong>Bertrand Delhomme<\/strong> and of course <strong>C\u00e9dric Nieto<\/strong>, is already organizing the Ventoux half-marathon. There&#8217;s no doubt they&#8217;ll be able to concoct a great day of competition. Collectif Com is a communications agency specializing in supporting sports <strong>clubs<\/strong> and<strong> events.<\/strong><\/p><p>From <strong>photography<\/strong> to <strong>video<\/strong> and <strong>community<\/strong> <strong>management<\/strong>, the Collectif Com team puts its expertise to work for its customers to <strong>boost their visibility<\/strong> and<strong> enhance their image.<\/strong> Their passion for sports and communication translates into <strong>hard-hitting content<\/strong> and <strong>tailor-made support<\/strong>, offering a unique and engaging experience. <br \/>For the past 4 editions, they have successfully produced the movies.<\/p>\t\t\t\t\t\t<\/div>\n\t\t\t\t<\/div>\n\t\t\t\t\t<\/div>\n\t\t\t\t<\/div>\n\t\t<div class=\"elementor-element elementor-element-1a07c25 e-con-full e-flex e-con e-parent\" data-id=\"1a07c25\" data-element_type=\"container\">\n\t\t\t\t<div class=\"elementor-element elementor-element-36b6f93 elementor-widget elementor-widget-image\" data-id=\"36b6f93\" data-element_type=\"widget\" data-widget_type=\"image.default\">\n\t\t\t\t<div class=\"elementor-widget-container\">\n\t\t\t\t\t\t\t\t\t\t\t\t\t<img decoding=\"async\" width=\"1920\" height=\"1080\" src=\"https:\/\/running.renewable-energies-world-race.com\/wp-content\/uploads\/2024\/12\/ban-enr-organisateurs-min.png\" class=\"attachment-full size-full wp-image-3673\" alt=\"\" srcset=\"https:\/\/running.renewable-energies-world-race.com\/wp-content\/uploads\/2024\/12\/ban-enr-organisateurs-min.png 1920w, https:\/\/running.renewable-energies-world-race.com\/wp-content\/uploads\/2024\/12\/ban-enr-organisateurs-min-300x169.png 300w, https:\/\/running.renewable-energies-world-race.com\/wp-content\/uploads\/2024\/12\/ban-enr-organisateurs-min-1024x576.png 1024w, https:\/\/running.renewable-energies-world-race.com\/wp-content\/uploads\/2024\/12\/ban-enr-organisateurs-min-768x432.png 768w, https:\/\/running.renewable-energies-world-race.com\/wp-content\/uploads\/2024\/12\/ban-enr-organisateurs-min-1536x864.png 1536w\" sizes=\"(max-width: 1920px) 100vw, 1920px\" \/>\t\t\t\t\t\t\t\t\t\t\t\t\t<\/div>\n\t\t\t\t<\/div>\n\t\t\t\t<\/div>\n\t\t\t\t<\/div>\n\t\t","protected":false},"excerpt":{"rendered":"<p>The organization Collectif Com, well known to our friends who take part in the Mondiaux Cyclisme des \u00e9nergies vertes, will be in charge of the weekend of October 3 and 4, 2025.The team, made up of St\u00e9phane Mione, Bertrand Delhomme and of course C\u00e9dric Nieto, is already organizing the Ventoux half-marathon. There&#8217;s no doubt they&#8217;ll [&hellip;]<\/p>\n","protected":false},"author":2,"featured_media":0,"parent":0,"menu_order":0,"comment_status":"closed","ping_status":"closed","template":"elementor_header_footer","meta":{"_acf_changed":false,"footnotes":""},"class_list":["post-2278","page","type-page","status-publish","hentry"],"acf":[],"yoast_head":"<!-- This site is optimized with the Yoast SEO plugin v23.0 - https:\/\/yoast.com\/wordpress\/plugins\/seo\/ -->\n<title>The organization - Renewable Energies Worlds Race<\/title>\n<meta name=\"robots\" content=\"index, follow, max-snippet:-1, max-image-preview:large, max-video-preview:-1\" \/>\n<link rel=\"canonical\" href=\"https:\/\/running.renewable-energies-world-race.com\/en\/the-organization\/\" \/>\n<meta property=\"og:locale\" content=\"en_US\" \/>\n<meta property=\"og:type\" content=\"article\" \/>\n<meta property=\"og:title\" content=\"The organization - Renewable Energies Worlds Race\" \/>\n<meta property=\"og:description\" content=\"The organization Collectif Com, well known to our friends who take part in the Mondiaux Cyclisme des \u00e9nergies vertes, will be in charge of the weekend of October 3 and 4, 2025.The team, made up of St\u00e9phane Mione, Bertrand Delhomme and of course C\u00e9dric Nieto, is already organizing the Ventoux half-marathon. There&#8217;s no doubt they&#8217;ll [&hellip;]\" \/>\n<meta property=\"og:url\" content=\"https:\/\/running.renewable-energies-world-race.com\/en\/the-organization\/\" \/>\n<meta property=\"og:site_name\" content=\"Renewable Energies Worlds Race\" \/>\n<meta property=\"article:modified_time\" content=\"2024-12-03T12:46:42+00:00\" \/>\n<meta property=\"og:image\" content=\"https:\/\/running.renewable-energies-world-race.com\/wp-content\/uploads\/2024\/11\/Logo-Collectif-Com-1-2-2048x402.png\" \/>\n<meta name=\"twitter:card\" content=\"summary_large_image\" \/>\n<meta name=\"twitter:label1\" content=\"Est. reading time\" \/>\n\t<meta name=\"twitter:data1\" content=\"1 minute\" \/>\n<script type=\"application\/ld+json\" class=\"yoast-schema-graph\">{\"@context\":\"https:\/\/schema.org\",\"@graph\":[{\"@type\":\"WebPage\",\"@id\":\"https:\/\/running.renewable-energies-world-race.com\/en\/the-organization\/\",\"url\":\"https:\/\/running.renewable-energies-world-race.com\/en\/the-organization\/\",\"name\":\"The organization - Renewable Energies Worlds Race\",\"isPartOf\":{\"@id\":\"https:\/\/running.renewable-energies-world-race.com\/en\/#website\"},\"primaryImageOfPage\":{\"@id\":\"https:\/\/running.renewable-energies-world-race.com\/en\/the-organization\/#primaryimage\"},\"image\":{\"@id\":\"https:\/\/running.renewable-energies-world-race.com\/en\/the-organization\/#primaryimage\"},\"thumbnailUrl\":\"https:\/\/running.renewable-energies-world-race.com\/wp-content\/uploads\/2024\/11\/Logo-Collectif-Com-1-2-2048x402.png\",\"datePublished\":\"2024-06-17T14:57:12+00:00\",\"dateModified\":\"2024-12-03T12:46:42+00:00\",\"breadcrumb\":{\"@id\":\"https:\/\/running.renewable-energies-world-race.com\/en\/the-organization\/#breadcrumb\"},\"inLanguage\":\"en-US\",\"potentialAction\":[{\"@type\":\"ReadAction\",\"target\":[\"https:\/\/running.renewable-energies-world-race.com\/en\/the-organization\/\"]}]},{\"@type\":\"ImageObject\",\"inLanguage\":\"en-US\",\"@id\":\"https:\/\/running.renewable-energies-world-race.com\/en\/the-organization\/#primaryimage\",\"url\":\"https:\/\/running.renewable-energies-world-race.com\/wp-content\/uploads\/2024\/11\/Logo-Collectif-Com-1-2-2048x402.png\",\"contentUrl\":\"https:\/\/running.renewable-energies-world-race.com\/wp-content\/uploads\/2024\/11\/Logo-Collectif-Com-1-2-2048x402.png\"},{\"@type\":\"BreadcrumbList\",\"@id\":\"https:\/\/running.renewable-energies-world-race.com\/en\/the-organization\/#breadcrumb\",\"itemListElement\":[{\"@type\":\"ListItem\",\"position\":1,\"name\":\"Accueil\",\"item\":\"https:\/\/running.renewable-energies-world-race.com\/en\/\"},{\"@type\":\"ListItem\",\"position\":2,\"name\":\"The organization\"}]},{\"@type\":\"WebSite\",\"@id\":\"https:\/\/running.renewable-energies-world-race.com\/en\/#website\",\"url\":\"https:\/\/running.renewable-energies-world-race.com\/en\/\",\"name\":\"Renewable Energies Worlds Race\",\"description\":\"\",\"publisher\":{\"@id\":\"https:\/\/running.renewable-energies-world-race.com\/en\/#organization\"},\"potentialAction\":[{\"@type\":\"SearchAction\",\"target\":{\"@type\":\"EntryPoint\",\"urlTemplate\":\"https:\/\/running.renewable-energies-world-race.com\/en\/?s={search_term_string}\"},\"query-input\":\"required name=search_term_string\"}],\"inLanguage\":\"en-US\"},{\"@type\":\"Organization\",\"@id\":\"https:\/\/running.renewable-energies-world-race.com\/en\/#organization\",\"name\":\"Renewable Energies Worlds Race\",\"url\":\"https:\/\/running.renewable-energies-world-race.com\/en\/\",\"logo\":{\"@type\":\"ImageObject\",\"inLanguage\":\"en-US\",\"@id\":\"https:\/\/running.renewable-energies-world-race.com\/en\/#\/schema\/logo\/image\/\",\"url\":\"https:\/\/running.renewable-energies-world-race.com\/wp-content\/uploads\/2024\/06\/LOGO_ENR_RUNNING_COLOR-1.png\",\"contentUrl\":\"https:\/\/running.renewable-energies-world-race.com\/wp-content\/uploads\/2024\/06\/LOGO_ENR_RUNNING_COLOR-1.png\",\"width\":2560,\"height\":1036,\"caption\":\"Renewable Energies Worlds Race\"},\"image\":{\"@id\":\"https:\/\/running.renewable-energies-world-race.com\/en\/#\/schema\/logo\/image\/\"}}]}<\/script>\n<!-- \/ Yoast SEO plugin. -->","yoast_head_json":{"title":"The organization - Renewable Energies Worlds Race","robots":{"index":"index","follow":"follow","max-snippet":"max-snippet:-1","max-image-preview":"max-image-preview:large","max-video-preview":"max-video-preview:-1"},"canonical":"https:\/\/running.renewable-energies-world-race.com\/en\/the-organization\/","og_locale":"en_US","og_type":"article","og_title":"The organization - Renewable Energies Worlds Race","og_description":"The organization Collectif Com, well known to our friends who take part in the Mondiaux Cyclisme des \u00e9nergies vertes, will be in charge of the weekend of October 3 and 4, 2025.The team, made up of St\u00e9phane Mione, Bertrand Delhomme and of course C\u00e9dric Nieto, is already organizing the Ventoux half-marathon. There&#8217;s no doubt they&#8217;ll [&hellip;]","og_url":"https:\/\/running.renewable-energies-world-race.com\/en\/the-organization\/","og_site_name":"Renewable Energies Worlds Race","article_modified_time":"2024-12-03T12:46:42+00:00","og_image":[{"url":"https:\/\/running.renewable-energies-world-race.com\/wp-content\/uploads\/2024\/11\/Logo-Collectif-Com-1-2-2048x402.png"}],"twitter_card":"summary_large_image","twitter_misc":{"Est. reading time":"1 minute"},"schema":{"@context":"https:\/\/schema.org","@graph":[{"@type":"WebPage","@id":"https:\/\/running.renewable-energies-world-race.com\/en\/the-organization\/","url":"https:\/\/running.renewable-energies-world-race.com\/en\/the-organization\/","name":"The organization - Renewable Energies Worlds Race","isPartOf":{"@id":"https:\/\/running.renewable-energies-world-race.com\/en\/#website"},"primaryImageOfPage":{"@id":"https:\/\/running.renewable-energies-world-race.com\/en\/the-organization\/#primaryimage"},"image":{"@id":"https:\/\/running.renewable-energies-world-race.com\/en\/the-organization\/#primaryimage"},"thumbnailUrl":"https:\/\/running.renewable-energies-world-race.com\/wp-content\/uploads\/2024\/11\/Logo-Collectif-Com-1-2-2048x402.png","datePublished":"2024-06-17T14:57:12+00:00","dateModified":"2024-12-03T12:46:42+00:00","breadcrumb":{"@id":"https:\/\/running.renewable-energies-world-race.com\/en\/the-organization\/#breadcrumb"},"inLanguage":"en-US","potentialAction":[{"@type":"ReadAction","target":["https:\/\/running.renewable-energies-world-race.com\/en\/the-organization\/"]}]},{"@type":"ImageObject","inLanguage":"en-US","@id":"https:\/\/running.renewable-energies-world-race.com\/en\/the-organization\/#primaryimage","url":"https:\/\/running.renewable-energies-world-race.com\/wp-content\/uploads\/2024\/11\/Logo-Collectif-Com-1-2-2048x402.png","contentUrl":"https:\/\/running.renewable-energies-world-race.com\/wp-content\/uploads\/2024\/11\/Logo-Collectif-Com-1-2-2048x402.png"},{"@type":"BreadcrumbList","@id":"https:\/\/running.renewable-energies-world-race.com\/en\/the-organization\/#breadcrumb","itemListElement":[{"@type":"ListItem","position":1,"name":"Accueil","item":"https:\/\/running.renewable-energies-world-race.com\/en\/"},{"@type":"ListItem","position":2,"name":"The organization"}]},{"@type":"WebSite","@id":"https:\/\/running.renewable-energies-world-race.com\/en\/#website","url":"https:\/\/running.renewable-energies-world-race.com\/en\/","name":"Renewable Energies Worlds Race","description":"","publisher":{"@id":"https:\/\/running.renewable-energies-world-race.com\/en\/#organization"},"potentialAction":[{"@type":"SearchAction","target":{"@type":"EntryPoint","urlTemplate":"https:\/\/running.renewable-energies-world-race.com\/en\/?s={search_term_string}"},"query-input":"required name=search_term_string"}],"inLanguage":"en-US"},{"@type":"Organization","@id":"https:\/\/running.renewable-energies-world-race.com\/en\/#organization","name":"Renewable Energies Worlds Race","url":"https:\/\/running.renewable-energies-world-race.com\/en\/","logo":{"@type":"ImageObject","inLanguage":"en-US","@id":"https:\/\/running.renewable-energies-world-race.com\/en\/#\/schema\/logo\/image\/","url":"https:\/\/running.renewable-energies-world-race.com\/wp-content\/uploads\/2024\/06\/LOGO_ENR_RUNNING_COLOR-1.png","contentUrl":"https:\/\/running.renewable-energies-world-race.com\/wp-content\/uploads\/2024\/06\/LOGO_ENR_RUNNING_COLOR-1.png","width":2560,"height":1036,"caption":"Renewable Energies Worlds Race"},"image":{"@id":"https:\/\/running.renewable-energies-world-race.com\/en\/#\/schema\/logo\/image\/"}}]}},"_links":{"self":[{"href":"https:\/\/running.renewable-energies-world-race.com\/en\/wp-json\/wp\/v2\/pages\/2278","targetHints":{"allow":["GET"]}}],"collection":[{"href":"https:\/\/running.renewable-energies-world-race.com\/en\/wp-json\/wp\/v2\/pages"}],"about":[{"href":"https:\/\/running.renewable-energies-world-race.com\/en\/wp-json\/wp\/v2\/types\/page"}],"author":[{"embeddable":true,"href":"https:\/\/running.renewable-energies-world-race.com\/en\/wp-json\/wp\/v2\/users\/2"}],"replies":[{"embeddable":true,"href":"https:\/\/running.renewable-energies-world-race.com\/en\/wp-json\/wp\/v2\/comments?post=2278"}],"version-history":[{"count":12,"href":"https:\/\/running.renewable-energies-world-race.com\/en\/wp-json\/wp\/v2\/pages\/2278\/revisions"}],"predecessor-version":[{"id":3680,"href":"https:\/\/running.renewable-energies-world-race.com\/en\/wp-json\/wp\/v2\/pages\/2278\/revisions\/3680"}],"wp:attachment":[{"href":"https:\/\/running.renewable-energies-world-race.com\/en\/wp-json\/wp\/v2\/media?parent=2278"}],"curies":[{"name":"wp","href":"https:\/\/api.w.org\/{rel}","templated":true}]}}