{"id":4021,"date":"2025-01-30T11:32:06","date_gmt":"2025-01-30T10:32:06","guid":{"rendered":"https:\/\/running.renewable-energies-world-race.com\/?page_id=4021"},"modified":"2025-01-30T11:32:06","modified_gmt":"2025-01-30T10:32:06","slug":"the-organization-2","status":"publish","type":"page","link":"https:\/\/running.renewable-energies-world-race.com\/en\/the-organization-2\/","title":{"rendered":"The organization"},"content":{"rendered":"\t\t<div data-elementor-type=\"wp-page\" data-elementor-id=\"4021\" class=\"elementor elementor-4021 elementor-4020\" data-elementor-post-type=\"page\">\n\t\t\t\t<div class=\"elementor-element elementor-element-9186949 e-flex e-con-boxed e-con e-parent\" data-id=\"9186949\" data-element_type=\"container\" data-settings=\"{&quot;background_background&quot;:&quot;classic&quot;}\">\n\t\t\t\t\t<div class=\"e-con-inner\">\n\t\t<div class=\"elementor-element elementor-element-6f371d6 e-con-full e-flex e-con e-child\" data-id=\"6f371d6\" data-element_type=\"container\" data-settings=\"{&quot;background_background&quot;:&quot;classic&quot;}\">\n\t\t<div class=\"elementor-element elementor-element-ef9d082 e-con-full e-flex e-con e-child\" data-id=\"ef9d082\" data-element_type=\"container\" data-settings=\"{&quot;background_background&quot;:&quot;classic&quot;}\">\n\t\t\t\t<div class=\"elementor-element elementor-element-940b7a2 elementor-widget-tablet__width-initial elementor-widget elementor-widget-heading\" data-id=\"940b7a2\" data-element_type=\"widget\" data-widget_type=\"heading.default\">\n\t\t\t\t<div class=\"elementor-widget-container\">\n\t\t\t<style>\/*! elementor - v3.22.0 - 26-06-2024 *\/\n.elementor-heading-title{padding:0;margin:0;line-height:1}.elementor-widget-heading .elementor-heading-title[class*=elementor-size-]>a{color:inherit;font-size:inherit;line-height:inherit}.elementor-widget-heading .elementor-heading-title.elementor-size-small{font-size:15px}.elementor-widget-heading .elementor-heading-title.elementor-size-medium{font-size:19px}.elementor-widget-heading .elementor-heading-title.elementor-size-large{font-size:29px}.elementor-widget-heading .elementor-heading-title.elementor-size-xl{font-size:39px}.elementor-widget-heading .elementor-heading-title.elementor-size-xxl{font-size:59px}<\/style><h2 class=\"elementor-heading-title elementor-size-default\">The organization<\/h2>\t\t<\/div>\n\t\t\t\t<\/div>\n\t\t\t\t<\/div>\n\t\t\t\t<\/div>\n\t\t\t\t\t<\/div>\n\t\t\t\t<\/div>\n\t\t<div class=\"elementor-element elementor-element-a1c51c0 e-flex e-con-boxed e-con e-parent\" data-id=\"a1c51c0\" data-element_type=\"container\">\n\t\t\t\t\t<div class=\"e-con-inner\">\n\t\t<div class=\"elementor-element elementor-element-773cb0a e-con-full e-flex e-con e-child\" data-id=\"773cb0a\" data-element_type=\"container\">\n\t\t\t\t<div class=\"elementor-element elementor-element-ffbb435 elementor-widget elementor-widget-image\" data-id=\"ffbb435\" data-element_type=\"widget\" data-widget_type=\"image.default\">\n\t\t\t\t<div class=\"elementor-widget-container\">\n\t\t\t<style>\/*! elementor - v3.22.0 - 26-06-2024 *\/\n.elementor-widget-image{text-align:center}.elementor-widget-image a{display:inline-block}.elementor-widget-image a img[src$=\".svg\"]{width:48px}.elementor-widget-image img{vertical-align:middle;display:inline-block}<\/style>\t\t\t\t\t\t\t\t\t\t<img fetchpriority=\"high\" decoding=\"async\" width=\"2048\" height=\"402\" src=\"https:\/\/running.renewable-energies-world-race.com\/wp-content\/uploads\/2024\/11\/Logo-Collectif-Com-1-2048x402.png\" class=\"attachment-2048x2048 size-2048x2048 wp-image-1513\" alt=\"\" srcset=\"https:\/\/running.renewable-energies-world-race.com\/wp-content\/uploads\/2024\/11\/Logo-Collectif-Com-1-2048x402.png 2048w, https:\/\/running.renewable-energies-world-race.com\/wp-content\/uploads\/2024\/11\/Logo-Collectif-Com-1-300x59.png 300w, https:\/\/running.renewable-energies-world-race.com\/wp-content\/uploads\/2024\/11\/Logo-Collectif-Com-1-1024x201.png 1024w, https:\/\/running.renewable-energies-world-race.com\/wp-content\/uploads\/2024\/11\/Logo-Collectif-Com-1-768x151.png 768w, https:\/\/running.renewable-energies-world-race.com\/wp-content\/uploads\/2024\/11\/Logo-Collectif-Com-1-1536x302.png 1536w\" sizes=\"(max-width: 2048px) 100vw, 2048px\" \/>\t\t\t\t\t\t\t\t\t\t\t\t\t<\/div>\n\t\t\t\t<\/div>\n\t\t\t\t<\/div>\n\t\t\t\t<div class=\"elementor-element elementor-element-45c99a4 elementor-widget__width-inherit elementor-widget elementor-widget-text-editor\" data-id=\"45c99a4\" data-element_type=\"widget\" data-widget_type=\"text-editor.default\">\n\t\t\t\t<div class=\"elementor-widget-container\">\n\t\t\t<style>\/*! elementor - v3.22.0 - 26-06-2024 *\/\n.elementor-widget-text-editor.elementor-drop-cap-view-stacked .elementor-drop-cap{background-color:#69727d;color:#fff}.elementor-widget-text-editor.elementor-drop-cap-view-framed .elementor-drop-cap{color:#69727d;border:3px solid;background-color:transparent}.elementor-widget-text-editor:not(.elementor-drop-cap-view-default) .elementor-drop-cap{margin-top:8px}.elementor-widget-text-editor:not(.elementor-drop-cap-view-default) .elementor-drop-cap-letter{width:1em;height:1em}.elementor-widget-text-editor .elementor-drop-cap{float:left;text-align:center;line-height:1;font-size:50px}.elementor-widget-text-editor .elementor-drop-cap-letter{display:inline-block}<\/style>\t\t\t\t<p>A word from the BMC &#8211; B\u00e8ziers M\u00e9diterran\u00e9e Cyclisme<br \/>What an honor for the BMC to have been chosen to host the 2025 \u201cRenewable Energies\u201d Road World Championships.<br \/>Thanks to Pascal Choffez, the creator of the Mondial cyclisme, who worked hard to ensure that this championship would be held with the BMC and in Beziers.<br \/>Of course, none of this would be possible without the support of the Mayor, Mr. Menard, Mr. Valette, Sports Deputy and his team dedicated to Sports in the city of B\u00e9ziers, for their help in organizing such an event in B\u00e9ziers and its surrounding area.<\/p>\n<p>In fact, we&#8217;ll be passing through Boujan Sur Libron, and we&#8217;d like to thank G\u00e9rard Abella for his help and participation in this competition. <br \/>The circuit, laid out in our magnificent town, is truly ideal for choosing the champion in each category, from the youngest to the oldest.<br \/>Over the 2 days, more than 800 runners, 50 volunteers and a total of around 1500 people will be present for this event in our beautiful town.<br \/>So welcome to B\u00e9ziers, where everything will be done to make your stay as pleasant as possible.<\/p>\n<p>Finally, congratulations to all the BMC volunteers who have worked for the club throughout the season, congratulations to all our runners and thanks to all our partners.<br \/>I would also like to take this opportunity to make a call to the leaders of companies who love cycling and who would like to join us in this adventure by supporting us financially. We need you, because a season in National 3 requires a very large budget, and our national results cannot be sustained without financial support. <\/p>\n<p><strong>Good luck to all participants.<\/strong><br \/><strong>Long live cycling and long live the 2025 \u201cRenewable Energies\u201d World Championship.<\/strong><br \/><strong>The President of BMC. <span style=\"color: var( --e-global-color-690fe68 ); text-align: var(--text-align);\">Pr\u00e9sident Perfecto Rodriguez<\/span><\/strong><\/p>\n\t\t\t\t\t\t<\/div>\n\t\t\t\t<\/div>\n\t\t\t\t\t<\/div>\n\t\t\t\t<\/div>\n\t\t<div class=\"elementor-element elementor-element-d436a0e e-con-full e-flex e-con e-parent\" data-id=\"d436a0e\" data-element_type=\"container\">\n\t\t\t\t<div class=\"elementor-element elementor-element-08bf30e elementor-widget elementor-widget-image\" data-id=\"08bf30e\" data-element_type=\"widget\" data-widget_type=\"image.default\">\n\t\t\t\t<div class=\"elementor-widget-container\">\n\t\t\t\t\t\t\t\t\t\t\t\t\t<img decoding=\"async\" width=\"1920\" height=\"1080\" src=\"https:\/\/running.renewable-energies-world-race.com\/wp-content\/uploads\/2024\/11\/ban-enr-organisateurs-min.png\" class=\"attachment-full size-full wp-image-1909\" alt=\"\" srcset=\"https:\/\/running.renewable-energies-world-race.com\/wp-content\/uploads\/2024\/11\/ban-enr-organisateurs-min.png 1920w, https:\/\/running.renewable-energies-world-race.com\/wp-content\/uploads\/2024\/11\/ban-enr-organisateurs-min-300x169.png 300w, https:\/\/running.renewable-energies-world-race.com\/wp-content\/uploads\/2024\/11\/ban-enr-organisateurs-min-1024x576.png 1024w, https:\/\/running.renewable-energies-world-race.com\/wp-content\/uploads\/2024\/11\/ban-enr-organisateurs-min-768x432.png 768w, https:\/\/running.renewable-energies-world-race.com\/wp-content\/uploads\/2024\/11\/ban-enr-organisateurs-min-1536x864.png 1536w\" sizes=\"(max-width: 1920px) 100vw, 1920px\" \/>\t\t\t\t\t\t\t\t\t\t\t\t\t<\/div>\n\t\t\t\t<\/div>\n\t\t\t\t<\/div>\n\t\t\t\t<\/div>\n\t\t","protected":false},"excerpt":{"rendered":"<p>The organization A word from the BMC &#8211; B\u00e8ziers M\u00e9diterran\u00e9e CyclismeWhat an honor for the BMC to have been chosen to host the 2025 \u201cRenewable Energies\u201d Road World Championships.Thanks to Pascal Choffez, the creator of the Mondial cyclisme, who worked hard to ensure that this championship would be held with the BMC and in Beziers.Of [&hellip;]<\/p>\n","protected":false},"author":3,"featured_media":0,"parent":0,"menu_order":0,"comment_status":"closed","ping_status":"closed","template":"elementor_header_footer","meta":{"_acf_changed":false,"footnotes":""},"class_list":["post-4021","page","type-page","status-publish","hentry"],"acf":[],"yoast_head":"<!-- This site is optimized with the Yoast SEO plugin v23.0 - https:\/\/yoast.com\/wordpress\/plugins\/seo\/ -->\n<title>The organization - Renewable Energies Worlds Race<\/title>\n<meta name=\"robots\" content=\"index, follow, max-snippet:-1, max-image-preview:large, max-video-preview:-1\" \/>\n<link rel=\"canonical\" href=\"https:\/\/running.renewable-energies-world-race.com\/en\/the-organization-2\/\" \/>\n<meta property=\"og:locale\" content=\"en_US\" \/>\n<meta property=\"og:type\" content=\"article\" \/>\n<meta property=\"og:title\" content=\"The organization - Renewable Energies Worlds Race\" \/>\n<meta property=\"og:description\" content=\"The organization A word from the BMC &#8211; B\u00e8ziers M\u00e9diterran\u00e9e CyclismeWhat an honor for the BMC to have been chosen to host the 2025 \u201cRenewable Energies\u201d Road World Championships.Thanks to Pascal Choffez, the creator of the Mondial cyclisme, who worked hard to ensure that this championship would be held with the BMC and in Beziers.Of [&hellip;]\" \/>\n<meta property=\"og:url\" content=\"https:\/\/running.renewable-energies-world-race.com\/en\/the-organization-2\/\" \/>\n<meta property=\"og:site_name\" content=\"Renewable Energies Worlds Race\" \/>\n<meta property=\"og:image\" content=\"https:\/\/running.renewable-energies-world-race.com\/wp-content\/uploads\/2024\/11\/Logo-Collectif-Com-1-2048x402.png\" \/>\n<meta name=\"twitter:card\" content=\"summary_large_image\" \/>\n<meta name=\"twitter:label1\" content=\"Est. reading time\" \/>\n\t<meta name=\"twitter:data1\" content=\"1 minute\" \/>\n<script type=\"application\/ld+json\" class=\"yoast-schema-graph\">{\"@context\":\"https:\/\/schema.org\",\"@graph\":[{\"@type\":\"WebPage\",\"@id\":\"https:\/\/running.renewable-energies-world-race.com\/en\/the-organization-2\/\",\"url\":\"https:\/\/running.renewable-energies-world-race.com\/en\/the-organization-2\/\",\"name\":\"The organization - Renewable Energies Worlds Race\",\"isPartOf\":{\"@id\":\"https:\/\/running.renewable-energies-world-race.com\/en\/#website\"},\"primaryImageOfPage\":{\"@id\":\"https:\/\/running.renewable-energies-world-race.com\/en\/the-organization-2\/#primaryimage\"},\"image\":{\"@id\":\"https:\/\/running.renewable-energies-world-race.com\/en\/the-organization-2\/#primaryimage\"},\"thumbnailUrl\":\"https:\/\/running.renewable-energies-world-race.com\/wp-content\/uploads\/2024\/11\/Logo-Collectif-Com-1-2048x402.png\",\"datePublished\":\"2025-01-30T10:32:06+00:00\",\"dateModified\":\"2025-01-30T10:32:06+00:00\",\"breadcrumb\":{\"@id\":\"https:\/\/running.renewable-energies-world-race.com\/en\/the-organization-2\/#breadcrumb\"},\"inLanguage\":\"en-US\",\"potentialAction\":[{\"@type\":\"ReadAction\",\"target\":[\"https:\/\/running.renewable-energies-world-race.com\/en\/the-organization-2\/\"]}]},{\"@type\":\"ImageObject\",\"inLanguage\":\"en-US\",\"@id\":\"https:\/\/running.renewable-energies-world-race.com\/en\/the-organization-2\/#primaryimage\",\"url\":\"https:\/\/running.renewable-energies-world-race.com\/wp-content\/uploads\/2024\/11\/Logo-Collectif-Com-1-2048x402.png\",\"contentUrl\":\"https:\/\/running.renewable-energies-world-race.com\/wp-content\/uploads\/2024\/11\/Logo-Collectif-Com-1-2048x402.png\"},{\"@type\":\"BreadcrumbList\",\"@id\":\"https:\/\/running.renewable-energies-world-race.com\/en\/the-organization-2\/#breadcrumb\",\"itemListElement\":[{\"@type\":\"ListItem\",\"position\":1,\"name\":\"Accueil\",\"item\":\"https:\/\/running.renewable-energies-world-race.com\/en\/\"},{\"@type\":\"ListItem\",\"position\":2,\"name\":\"The organization\"}]},{\"@type\":\"WebSite\",\"@id\":\"https:\/\/running.renewable-energies-world-race.com\/en\/#website\",\"url\":\"https:\/\/running.renewable-energies-world-race.com\/en\/\",\"name\":\"Renewable Energies Worlds Race\",\"description\":\"\",\"publisher\":{\"@id\":\"https:\/\/running.renewable-energies-world-race.com\/en\/#organization\"},\"potentialAction\":[{\"@type\":\"SearchAction\",\"target\":{\"@type\":\"EntryPoint\",\"urlTemplate\":\"https:\/\/running.renewable-energies-world-race.com\/en\/?s={search_term_string}\"},\"query-input\":\"required name=search_term_string\"}],\"inLanguage\":\"en-US\"},{\"@type\":\"Organization\",\"@id\":\"https:\/\/running.renewable-energies-world-race.com\/en\/#organization\",\"name\":\"Renewable Energies Worlds Race\",\"url\":\"https:\/\/running.renewable-energies-world-race.com\/en\/\",\"logo\":{\"@type\":\"ImageObject\",\"inLanguage\":\"en-US\",\"@id\":\"https:\/\/running.renewable-energies-world-race.com\/en\/#\/schema\/logo\/image\/\",\"url\":\"https:\/\/running.renewable-energies-world-race.com\/wp-content\/uploads\/2024\/06\/LOGO_ENR_RUNNING_COLOR-1.png\",\"contentUrl\":\"https:\/\/running.renewable-energies-world-race.com\/wp-content\/uploads\/2024\/06\/LOGO_ENR_RUNNING_COLOR-1.png\",\"width\":2560,\"height\":1036,\"caption\":\"Renewable Energies Worlds Race\"},\"image\":{\"@id\":\"https:\/\/running.renewable-energies-world-race.com\/en\/#\/schema\/logo\/image\/\"}}]}<\/script>\n<!-- \/ Yoast SEO plugin. -->","yoast_head_json":{"title":"The organization - Renewable Energies Worlds Race","robots":{"index":"index","follow":"follow","max-snippet":"max-snippet:-1","max-image-preview":"max-image-preview:large","max-video-preview":"max-video-preview:-1"},"canonical":"https:\/\/running.renewable-energies-world-race.com\/en\/the-organization-2\/","og_locale":"en_US","og_type":"article","og_title":"The organization - Renewable Energies Worlds Race","og_description":"The organization A word from the BMC &#8211; B\u00e8ziers M\u00e9diterran\u00e9e CyclismeWhat an honor for the BMC to have been chosen to host the 2025 \u201cRenewable Energies\u201d Road World Championships.Thanks to Pascal Choffez, the creator of the Mondial cyclisme, who worked hard to ensure that this championship would be held with the BMC and in Beziers.Of [&hellip;]","og_url":"https:\/\/running.renewable-energies-world-race.com\/en\/the-organization-2\/","og_site_name":"Renewable Energies Worlds Race","og_image":[{"url":"https:\/\/running.renewable-energies-world-race.com\/wp-content\/uploads\/2024\/11\/Logo-Collectif-Com-1-2048x402.png"}],"twitter_card":"summary_large_image","twitter_misc":{"Est. reading time":"1 minute"},"schema":{"@context":"https:\/\/schema.org","@graph":[{"@type":"WebPage","@id":"https:\/\/running.renewable-energies-world-race.com\/en\/the-organization-2\/","url":"https:\/\/running.renewable-energies-world-race.com\/en\/the-organization-2\/","name":"The organization - Renewable Energies Worlds Race","isPartOf":{"@id":"https:\/\/running.renewable-energies-world-race.com\/en\/#website"},"primaryImageOfPage":{"@id":"https:\/\/running.renewable-energies-world-race.com\/en\/the-organization-2\/#primaryimage"},"image":{"@id":"https:\/\/running.renewable-energies-world-race.com\/en\/the-organization-2\/#primaryimage"},"thumbnailUrl":"https:\/\/running.renewable-energies-world-race.com\/wp-content\/uploads\/2024\/11\/Logo-Collectif-Com-1-2048x402.png","datePublished":"2025-01-30T10:32:06+00:00","dateModified":"2025-01-30T10:32:06+00:00","breadcrumb":{"@id":"https:\/\/running.renewable-energies-world-race.com\/en\/the-organization-2\/#breadcrumb"},"inLanguage":"en-US","potentialAction":[{"@type":"ReadAction","target":["https:\/\/running.renewable-energies-world-race.com\/en\/the-organization-2\/"]}]},{"@type":"ImageObject","inLanguage":"en-US","@id":"https:\/\/running.renewable-energies-world-race.com\/en\/the-organization-2\/#primaryimage","url":"https:\/\/running.renewable-energies-world-race.com\/wp-content\/uploads\/2024\/11\/Logo-Collectif-Com-1-2048x402.png","contentUrl":"https:\/\/running.renewable-energies-world-race.com\/wp-content\/uploads\/2024\/11\/Logo-Collectif-Com-1-2048x402.png"},{"@type":"BreadcrumbList","@id":"https:\/\/running.renewable-energies-world-race.com\/en\/the-organization-2\/#breadcrumb","itemListElement":[{"@type":"ListItem","position":1,"name":"Accueil","item":"https:\/\/running.renewable-energies-world-race.com\/en\/"},{"@type":"ListItem","position":2,"name":"The organization"}]},{"@type":"WebSite","@id":"https:\/\/running.renewable-energies-world-race.com\/en\/#website","url":"https:\/\/running.renewable-energies-world-race.com\/en\/","name":"Renewable Energies Worlds Race","description":"","publisher":{"@id":"https:\/\/running.renewable-energies-world-race.com\/en\/#organization"},"potentialAction":[{"@type":"SearchAction","target":{"@type":"EntryPoint","urlTemplate":"https:\/\/running.renewable-energies-world-race.com\/en\/?s={search_term_string}"},"query-input":"required name=search_term_string"}],"inLanguage":"en-US"},{"@type":"Organization","@id":"https:\/\/running.renewable-energies-world-race.com\/en\/#organization","name":"Renewable Energies Worlds Race","url":"https:\/\/running.renewable-energies-world-race.com\/en\/","logo":{"@type":"ImageObject","inLanguage":"en-US","@id":"https:\/\/running.renewable-energies-world-race.com\/en\/#\/schema\/logo\/image\/","url":"https:\/\/running.renewable-energies-world-race.com\/wp-content\/uploads\/2024\/06\/LOGO_ENR_RUNNING_COLOR-1.png","contentUrl":"https:\/\/running.renewable-energies-world-race.com\/wp-content\/uploads\/2024\/06\/LOGO_ENR_RUNNING_COLOR-1.png","width":2560,"height":1036,"caption":"Renewable Energies Worlds Race"},"image":{"@id":"https:\/\/running.renewable-energies-world-race.com\/en\/#\/schema\/logo\/image\/"}}]}},"_links":{"self":[{"href":"https:\/\/running.renewable-energies-world-race.com\/en\/wp-json\/wp\/v2\/pages\/4021","targetHints":{"allow":["GET"]}}],"collection":[{"href":"https:\/\/running.renewable-energies-world-race.com\/en\/wp-json\/wp\/v2\/pages"}],"about":[{"href":"https:\/\/running.renewable-energies-world-race.com\/en\/wp-json\/wp\/v2\/types\/page"}],"author":[{"embeddable":true,"href":"https:\/\/running.renewable-energies-world-race.com\/en\/wp-json\/wp\/v2\/users\/3"}],"replies":[{"embeddable":true,"href":"https:\/\/running.renewable-energies-world-race.com\/en\/wp-json\/wp\/v2\/comments?post=4021"}],"version-history":[{"count":1,"href":"https:\/\/running.renewable-energies-world-race.com\/en\/wp-json\/wp\/v2\/pages\/4021\/revisions"}],"predecessor-version":[{"id":4022,"href":"https:\/\/running.renewable-energies-world-race.com\/en\/wp-json\/wp\/v2\/pages\/4021\/revisions\/4022"}],"wp:attachment":[{"href":"https:\/\/running.renewable-energies-world-race.com\/en\/wp-json\/wp\/v2\/media?parent=4021"}],"curies":[{"name":"wp","href":"https:\/\/api.w.org\/{rel}","templated":true}]}}